{"id":17,"date":"2019-03-29T10:05:42","date_gmt":"2019-03-29T10:05:42","guid":{"rendered":"http:\/\/test3.test\/?page_id=15"},"modified":"2023-01-02T11:23:33","modified_gmt":"2023-01-02T11:23:33","slug":"green","status":"publish","type":"page","link":"https:\/\/www.casadarriba.com\/pt\/green\/","title":{"rendered":"Estudio Verde"},"content":{"rendered":"\n<p>&nbsp;<\/p>\n<p>Este \u00e9 mais luminoso dos est\u00fadios. A cama de casal est\u00e1 localizada mesmo em frente a uma grande janela de onde se pode apreciar a grandeza do Oceano. \u00c9 um open space onde podem dormir 2 pessoas ( existe uma cama extra que pode ser preparada mediante pedido)<\/p>\n<p>Para mais informa\u00e7\u00f5es ver:<\/p>\n<h2 style=\"text-align: left;\"><a style=\"font-size: 16px;\" href=\"https:\/\/www.casadarriba.com\/pt\/precos-e-condicoes\/\" target=\"_blank\" rel=\"noopener noreferrer\">\u00a0Pre\u00e7os e Condi\u00e7\u00f5es<\/a><\/h2>\n<p>1 Novembro a 31 de Mar\u00e7o 120 euros<br \/>\n1 de Abril a 31 de Outubro 130 euros<\/p>\n<p>Estes s\u00e3o pre\u00e7os para 2 pessoas com pequeno almo\u00e7o. Cama extra (+10 anos de idade) ter\u00e1 um pre\u00e7o extra de 25 Euros<br \/>\nBeb\u00e9s at\u00e9 aos 4 anos gr\u00e1tis. Entre os 5 e os 10 anos a tarifa s\u00e3o 10 Euros.<\/p>\n<h2><\/h2>\n<h3><strong>ESTUDIO &amp; COZINHA<\/strong><\/h3>\n<ul>\n<li>Varanda com cadeiras e mesa<\/li>\n<li>Wifi Gr\u00e1tis<\/li>\n<li>TV por Cabo<\/li>\n<li>Cama dupla<\/li>\n<li>1 Sommier<\/li>\n<li>Mesa de Jantar e cadeiras<\/li>\n<li>Forno El\u00e9ctrico<\/li>\n<li>Exaustor<\/li>\n<li>Frigor\u00edfico &amp; Arca<\/li>\n<li>M\u00e1quina de caf\u00e9<\/li>\n<li>Torradeira<\/li>\n<li>Aquecedor de \u00e1gua<\/li>\n<li>Microondas<\/li>\n<li>Pratos e Panelas<\/li>\n<li>Utens\u00edlios de cozinha<\/li>\n<li>Lou\u00e7a e talheres<\/li>\n<\/ul>\n<h3><strong>CASA DE BANHO<br \/>\n<\/strong><\/h3>\n<ul>\n<li>Secador Cabelo<\/li>\n<li>Duche<\/li>\n<li>Banheiro<\/li>\n<\/ul>\n<h3><strong>PARA CRIAN\u00c7AS (somente se solicitado)<\/strong><\/h3>\n<ul>\n<li>Banheira para beb\u00e9<\/li>\n<li>Ber\u00e7o com colch\u00e3o e roupa de cama<\/li>\n<li>Cadeira para beb\u00e9<\/li>\n<\/ul>\n","protected":false},"excerpt":{"rendered":"<p>&nbsp; Este \u00e9 mais luminoso dos est\u00fadios. A cama de casal est\u00e1 localizada mesmo em frente a uma grande janela [&hellip;]<\/p>\n","protected":false},"author":1,"featured_media":0,"parent":0,"menu_order":0,"comment_status":"closed","ping_status":"closed","template":"","meta":{"footnotes":""},"class_list":["post-17","page","type-page","status-publish","hentry"],"_links":{"self":[{"href":"https:\/\/www.casadarriba.com\/pt\/wp-json\/wp\/v2\/pages\/17","targetHints":{"allow":["GET"]}}],"collection":[{"href":"https:\/\/www.casadarriba.com\/pt\/wp-json\/wp\/v2\/pages"}],"about":[{"href":"https:\/\/www.casadarriba.com\/pt\/wp-json\/wp\/v2\/types\/page"}],"author":[{"embeddable":true,"href":"https:\/\/www.casadarriba.com\/pt\/wp-json\/wp\/v2\/users\/1"}],"replies":[{"embeddable":true,"href":"https:\/\/www.casadarriba.com\/pt\/wp-json\/wp\/v2\/comments?post=17"}],"version-history":[{"count":4,"href":"https:\/\/www.casadarriba.com\/pt\/wp-json\/wp\/v2\/pages\/17\/revisions"}],"predecessor-version":[{"id":135,"href":"https:\/\/www.casadarriba.com\/pt\/wp-json\/wp\/v2\/pages\/17\/revisions\/135"}],"wp:attachment":[{"href":"https:\/\/www.casadarriba.com\/pt\/wp-json\/wp\/v2\/media?parent=17"}],"curies":[{"name":"wp","href":"https:\/\/api.w.org\/{rel}","templated":true}]}}