{"id":25,"date":"2019-04-07T12:09:00","date_gmt":"2019-04-07T12:09:00","guid":{"rendered":"http:\/\/test3.test\/?page_id=25"},"modified":"2019-04-07T12:09:00","modified_gmt":"2019-04-07T12:09:00","slug":"comentarios","status":"publish","type":"page","link":"https:\/\/www.casadarriba.com\/pt\/comentarios\/","title":{"rendered":"Coment\u00e1rios"},"content":{"rendered":"<p><b>Vista do largo, a casa \u00e9 sensata e conformada<\/b>, nada indiciando da vertigem com que se pendura na arriba. S\u00f3 l\u00e1 dentro, olhando o mar, se lhe percebe a alma. Vem-lhe do mar, a que despudoradamente se escancara, a for\u00e7a insuspeitada com que se agarra \u00e0 rocha. Existe s\u00f3 para ele, que dia e noite a embala desdobrando-se aos seus p\u00e9s sucessivamente, vestindo-lhe o horizonte de mil cambiantes sempre renovados, desmultiplicando-se na dist\u00e2ncia que a agiganta. Vivem um para o outro, acrescentam-se, num amor imenso e desmesurado de que o Filipe a Isabel s\u00e3o guardi\u00e3es e nos concedem o privil\u00e9gio de testemunhar. S\u00f3 pensamos em voltar.Ana RR<\/p>\n<p><b>Una habitaci\u00f3n con vistas<\/b><\/p>\n<p>Un balc\u00f3n sobre el Atl\u00e1ntico&#8230; una \u00a0agradable sorpesa al entrar en A Casa d\u00b4Arriba y hallar dise\u00f1o moderno y funcional, toques de buen gusto; una cuidada presentaci\u00f3n; la terraza so\u00f1ada por todos sobre el mar; y el ambiente agradable impuesto por Filipe e Isabel.Bajar al desayuno es toda una experiencia en ese comedor IKEA. Imprescindible si persigues placer y tranquilidad. Francisco R<\/p>\n<p><b>Grande surpresa que eu tive ao chegar \u00e0 Casa d&#8217;Arriba.<\/b>. Nada me fazia imaginar a tranquilidade, a paz, o sossego que a Casa transmite! O som de fundo do bater das ondas nas rochas da arriba mesmo por baixo da Casa. Passei uma semana de f\u00e9rias divinal.. Adormecer e acordar com o som do mar. A Casa em si \u00e9 decorada com extremo bom gosto, com tudo o necessario para uma curta estadia perfeita. \u00c9 provida de um conforto extraordinario. E mais nao digo.. deixo que o descubram voces mesmos..Ivo R.<\/p>\n<p><b>Do melhor que temos em Portugal. Vale a pena!<\/b> Tive a feliz oportunidade de passar um fim de semana no Carnavla neste lugar id\u00edlico e confirmo tudo o que os h\u00f3spedes anteriores disseram. Do muito turismo de habita\u00e7\u00e3o que tenho experimentado, incluindo Espanha, este foi aquele em que me senti verdadeiramente em casa pois o acolhimento do Filipe aliado \u00e0s condi\u00e7\u00f5es da casa tornaram a minha estadia simplesmente divinal. Se o mar \u00e9 para si um companheiro habitual, este \u00e9 o lugar ideal para o reencontro; se o mar ainda \u00e9 um desconhecido para si, ent\u00e3o aproveite esta oportunidade pois n\u00e3o ficar\u00e1 desiludido, ser\u00e1 uma experi\u00eancia que nunca esquecer\u00e1 e desejar\u00e1 voltar. \u00a0Ah, \u00e9 verdade&#8230; j\u00e1 me esquecia! O Filipe \u00e9 a alma desta casa. Disfrute da sua companhia que n\u00e3o se arrepender\u00e1! J.Santiago<\/p>\n<p><b>Recordo um quarto branco<\/b><\/p>\n<p>Em que a luxuria do mar branco de ondas brancas<\/p>\n<p>Bate de encontro \u00e0 varanda e entra pelo quarto a dentro<\/p>\n<p>Trazido pelas asas das gaivotas<\/p>\n<p>Recordo o vaiv\u00e9m das ondas entre as rochas<\/p>\n<p>E a espuma que faz desenhos de Adasmatores esverdeados<\/p>\n<p>No ecr\u00e3 gigante da janela, em perp\u00e9tuo movimento,<\/p>\n<p>Enquanto no quente conforto da cama<\/p>\n<p>A vista se deleita, entretida, com os seus jogos,<\/p>\n<p>Entre c\u00e9u e mar<\/p>\n<p>E se no meio do transito do caos lisboeta, a tens\u00e3o come\u00e7ar a subir,<\/p>\n<p>Nada como recordar,<\/p>\n<p>E deixar que a suave melancolia do barulho das ondas nos invada,<\/p>\n<p>E que as imagens rom\u00e2nticas daquele quarto branco, de ondas brancas,<\/p>\n<p>nos voltem \u00e0 mem\u00f3ria.<\/p>\n<p>Obrigada, Casa d&#8217;Arriba<\/p>\n<p>Ribeiro<\/p>\n<p><b>A Casa d&#8217;Arriba \u00e9 um daqueles locais que n\u00e3o se descreve! <\/b><b>A Casa d&#8217;Arriba, vive-se!<\/b><\/p>\n<p>Fim de semana de 17,18 e 19 de Outubro. Longa viagem e chegada \u00e0 Praia da Consola\u00e7\u00e3o cerca das 22 horas. Quase chegados ao local, mas sem sabermos onde \u00e9, depar\u00e1mo-nos com sentidos proibidos, excepto cargas e descargas e a moradores, em todas as direc\u00e7\u00f5es (soubemos depois que n\u00e3o s\u00e3o para cumprir). Depois de um breve telefonema para o Sr. Aur\u00e9lio, propriet\u00e1rio e excelente anfitri\u00e3o da &#8220;casa&#8221;, rapidamente cheg\u00e1mos e j\u00e1 ele nos esperava \u00e0 porta. Subimos ao est\u00fadio azul e (existem mais dois o amarelo e o verde) depar\u00e1mo-nos com uma simplic\u00edssima mas muito pr\u00e1tica e funcional decora\u00e7\u00e3o e uma vista soberba sobre o mar e a rocha, esta com um tipo de sedimenta\u00e7\u00e3o e eros\u00e3o que at\u00e9 parece cal\u00e7ada de grandes dimens\u00f5es. Os dias foram reservados para algumas visitas na regi\u00e3o, principalmente \u00e0 vila de \u00d3bidos, ao Santu\u00e1rio do Senhor Jesus da Pedra, Foz do Arelho e Lagoa de \u00d3bidos, mas as noites suaves e o acordar com a aragem mar\u00edtima e o ru\u00eddo suave das vagas nada encrespadas, que morriam no rochedo em &#8220;len\u00e7\u00f3is&#8221; de espuma, foram um dos pontos altos de uma estada maravilhosa proporcionada como prenda de um anivers\u00e1rio especial. H\u00e1 uma particularidade que deve ser referida e que consideramos outro dos pontos altos desta estada; O pequeno almo\u00e7o servido em tabuleiro e deixado \u00e0 porta do quarto \u00e0s nove horas, onde caf\u00e9, leite, p\u00e3o regional, p\u00e3es de leite, croissants, bolinho p\u00e3o de deus, manteiga, compotas, fiambre, queijo, sumo natural e imagine-se dois pastelinhos de nata ainda mornos, que fizeram as nossas del\u00edcias e nos deram uma imagem perfeita na arte de bem receber!<\/p>\n<p>Por estas e por outras&#8230; \u00e9 bom viajar por este Portugal!Ana C.\/Am\u00edlcar R. &#8211; Portugal<\/p>\n","protected":false},"excerpt":{"rendered":"<p>Vista do largo, a casa \u00e9 sensata e conformada, nada indiciando da vertigem com que se pendura na arriba. S\u00f3 [&hellip;]<\/p>\n","protected":false},"author":1,"featured_media":0,"parent":0,"menu_order":0,"comment_status":"closed","ping_status":"closed","template":"","meta":{"footnotes":""},"class_list":["post-25","page","type-page","status-publish","hentry"],"_links":{"self":[{"href":"https:\/\/www.casadarriba.com\/pt\/wp-json\/wp\/v2\/pages\/25","targetHints":{"allow":["GET"]}}],"collection":[{"href":"https:\/\/www.casadarriba.com\/pt\/wp-json\/wp\/v2\/pages"}],"about":[{"href":"https:\/\/www.casadarriba.com\/pt\/wp-json\/wp\/v2\/types\/page"}],"author":[{"embeddable":true,"href":"https:\/\/www.casadarriba.com\/pt\/wp-json\/wp\/v2\/users\/1"}],"replies":[{"embeddable":true,"href":"https:\/\/www.casadarriba.com\/pt\/wp-json\/wp\/v2\/comments?post=25"}],"version-history":[{"count":0,"href":"https:\/\/www.casadarriba.com\/pt\/wp-json\/wp\/v2\/pages\/25\/revisions"}],"wp:attachment":[{"href":"https:\/\/www.casadarriba.com\/pt\/wp-json\/wp\/v2\/media?parent=25"}],"curies":[{"name":"wp","href":"https:\/\/api.w.org\/{rel}","templated":true}]}}